{"id":1870,"date":"2022-05-09T09:06:25","date_gmt":"2022-05-09T07:06:25","guid":{"rendered":"https:\/\/contrebandiers.org\/planification-des-participants\/"},"modified":"2023-02-13T14:28:52","modified_gmt":"2023-02-13T13:28:52","slug":"planification-des-participants-2022","status":"publish","type":"page","link":"https:\/\/contrebandiers.org\/fr\/planification-des-participants-2022\/","title":{"rendered":"Planification des participants"},"content":{"rendered":"\t\t<div data-elementor-type=\"wp-page\" data-elementor-id=\"1870\" class=\"elementor elementor-1870 elementor-959\">\n\t\t\t\t\t\t\t\t\t<section class=\"elementor-section elementor-top-section elementor-element elementor-element-c13db76 elementor-section-stretched hero-historia elementor-section-boxed elementor-section-height-default elementor-section-height-default\" data-id=\"c13db76\" data-element_type=\"section\" data-settings=\"{&quot;stretch_section&quot;:&quot;section-stretched&quot;,&quot;background_background&quot;:&quot;classic&quot;}\">\n\t\t\t\t\t\t<div class=\"elementor-container elementor-column-gap-no\">\n\t\t\t\t\t<div class=\"elementor-column elementor-col-100 elementor-top-column elementor-element elementor-element-3e720bc titulo-torcido elementor-invisible\" data-id=\"3e720bc\" data-element_type=\"column\" data-settings=\"{&quot;background_background&quot;:&quot;classic&quot;,&quot;animation&quot;:&quot;bounceInUp&quot;}\">\n\t\t\t<div class=\"elementor-widget-wrap elementor-element-populated\">\n\t\t\t\t\t\t\t\t<div class=\"elementor-element elementor-element-a1b900b elementor-widget elementor-widget-heading\" data-id=\"a1b900b\" data-element_type=\"widget\" data-widget_type=\"heading.default\">\n\t\t\t\t<div class=\"elementor-widget-container\">\n\t\t\t<style>\/*! elementor - v3.6.6 - 08-06-2022 *\/\n.elementor-heading-title{padding:0;margin:0;line-height:1}.elementor-widget-heading .elementor-heading-title[class*=elementor-size-]>a{color:inherit;font-size:inherit;line-height:inherit}.elementor-widget-heading .elementor-heading-title.elementor-size-small{font-size:15px}.elementor-widget-heading .elementor-heading-title.elementor-size-medium{font-size:19px}.elementor-widget-heading .elementor-heading-title.elementor-size-large{font-size:29px}.elementor-widget-heading .elementor-heading-title.elementor-size-xl{font-size:39px}.elementor-widget-heading .elementor-heading-title.elementor-size-xxl{font-size:59px}<\/style><h2 class=\"elementor-heading-title elementor-size-default\">La course<\/h2>\t\t<\/div>\n\t\t\t\t<\/div>\n\t\t\t\t\t<\/div>\n\t\t<\/div>\n\t\t\t\t\t\t\t<\/div>\n\t\t<\/section>\n\t\t\t\t<section class=\"elementor-section elementor-top-section elementor-element elementor-element-7d48173 elementor-section-boxed elementor-section-height-default elementor-section-height-default\" data-id=\"7d48173\" data-element_type=\"section\">\n\t\t\t\t\t\t<div class=\"elementor-container elementor-column-gap-no\">\n\t\t\t\t\t<div class=\"elementor-column elementor-col-100 elementor-top-column elementor-element elementor-element-b30bcb1\" data-id=\"b30bcb1\" data-element_type=\"column\">\n\t\t\t<div class=\"elementor-widget-wrap elementor-element-populated\">\n\t\t\t\t\t\t\t\t<div class=\"elementor-element elementor-element-08eaed8 elementor-widget elementor-widget-heading\" data-id=\"08eaed8\" data-element_type=\"widget\" data-widget_type=\"heading.default\">\n\t\t\t\t<div class=\"elementor-widget-container\">\n\t\t\t<h2 class=\"elementor-heading-title elementor-size-default\">Planification des participants<\/h2>\t\t<\/div>\n\t\t\t\t<\/div>\n\t\t\t\t<section class=\"elementor-section elementor-inner-section elementor-element elementor-element-197db18 elementor-section-boxed elementor-section-height-default elementor-section-height-default elementor-invisible\" data-id=\"197db18\" data-element_type=\"section\" data-settings=\"{&quot;background_background&quot;:&quot;classic&quot;,&quot;animation&quot;:&quot;fadeInRight&quot;}\">\n\t\t\t\t\t\t<div class=\"elementor-container elementor-column-gap-default\">\n\t\t\t\t\t<div class=\"elementor-column elementor-col-50 elementor-inner-column elementor-element elementor-element-9c96721\" data-id=\"9c96721\" data-element_type=\"column\">\n\t\t\t<div class=\"elementor-widget-wrap elementor-element-populated\">\n\t\t\t\t\t\t\t\t<div class=\"elementor-element elementor-element-fedb4ef elementor-icon-list--layout-traditional elementor-list-item-link-full_width elementor-widget elementor-widget-icon-list\" data-id=\"fedb4ef\" data-element_type=\"widget\" data-widget_type=\"icon-list.default\">\n\t\t\t\t<div class=\"elementor-widget-container\">\n\t\t\t<link rel=\"stylesheet\" href=\"https:\/\/contrebandiers.org\/wp-content\/uploads\/elementor\/css\/custom-widget-icon-list.min.css?ver=1674631274\">\t\t<ul class=\"elementor-icon-list-items\">\n\t\t\t\t\t\t\t<li class=\"elementor-icon-list-item\">\n\t\t\t\t\t\t\t\t\t\t\t<span class=\"elementor-icon-list-icon\">\n\t\t\t\t\t\t\t<i aria-hidden=\"true\" class=\"fal fa-calendar-alt\"><\/i>\t\t\t\t\t\t<\/span>\n\t\t\t\t\t\t\t\t\t\t<span class=\"elementor-icon-list-text\">vendredi 30 septembre<\/span>\n\t\t\t\t\t\t\t\t\t<\/li>\n\t\t\t\t\t\t<\/ul>\n\t\t\t\t<\/div>\n\t\t\t\t<\/div>\n\t\t\t\t<div class=\"elementor-element elementor-element-5bd16cb elementor-widget elementor-widget-text-editor\" data-id=\"5bd16cb\" data-element_type=\"widget\" data-widget_type=\"text-editor.default\">\n\t\t\t\t<div class=\"elementor-widget-container\">\n\t\t\t<style>\/*! elementor - v3.6.6 - 08-06-2022 *\/\n.elementor-widget-text-editor.elementor-drop-cap-view-stacked .elementor-drop-cap{background-color:#818a91;color:#fff}.elementor-widget-text-editor.elementor-drop-cap-view-framed .elementor-drop-cap{color:#818a91;border:3px solid;background-color:transparent}.elementor-widget-text-editor:not(.elementor-drop-cap-view-default) .elementor-drop-cap{margin-top:8px}.elementor-widget-text-editor:not(.elementor-drop-cap-view-default) .elementor-drop-cap-letter{width:1em;height:1em}.elementor-widget-text-editor .elementor-drop-cap{float:left;text-align:center;line-height:1;font-size:50px}.elementor-widget-text-editor .elementor-drop-cap-letter{display:inline-block}<\/style>\t\t\t\t<p><span style=\"font-weight: 400;\">A <strong>Saint Lary Soulan<\/strong>, nous mettrons en place un espace paddock et un secr\u00e9tariat course pour la remise des dossards.<\/span><span style=\"font-weight: 400;\">Nous vous rappelons qu&rsquo;il sera n\u00e9cessaire de d\u00e9livrer le <strong>CERTIFICAT M\u00c9DICAL<\/strong> requis par le r\u00e8glement des \u00e9preuves afin de d\u00e9livrer les autorisations \u00e0 l&rsquo;ensemble de l&rsquo;\u00e9quipe.<\/span><\/p>\t\t\t\t\t\t<\/div>\n\t\t\t\t<\/div>\n\t\t\t\t\t<\/div>\n\t\t<\/div>\n\t\t\t\t<div class=\"elementor-column elementor-col-50 elementor-inner-column elementor-element elementor-element-6f882a1\" data-id=\"6f882a1\" data-element_type=\"column\">\n\t\t\t<div class=\"elementor-widget-wrap elementor-element-populated\">\n\t\t\t\t\t\t\t\t<div class=\"elementor-element elementor-element-47cc976 elementor-position-left elementor-view-default elementor-mobile-position-top elementor-vertical-align-top elementor-widget elementor-widget-icon-box\" data-id=\"47cc976\" data-element_type=\"widget\" data-widget_type=\"icon-box.default\">\n\t\t\t\t<div class=\"elementor-widget-container\">\n\t\t\t<link rel=\"stylesheet\" href=\"https:\/\/contrebandiers.org\/wp-content\/uploads\/elementor\/css\/custom-widget-icon-box.min.css?ver=1674631402\">\t\t<div class=\"elementor-icon-box-wrapper\">\n\t\t\t\t\t\t<div class=\"elementor-icon-box-icon\">\n\t\t\t\t<a class=\"elementor-icon elementor-animation-\" href=\"https:\/\/contrebandiers.org\/wp-content\/uploads\/2022\/09\/EQUIPE-2_VENDREDI-30-SEPTEMBRE.pdf\">\n\t\t\t\t<i aria-hidden=\"true\" class=\"fad fa-user-friends\"><\/i>\t\t\t\t<\/a>\n\t\t\t<\/div>\n\t\t\t\t\t\t<div class=\"elementor-icon-box-content\">\n\t\t\t\t<h3 class=\"elementor-icon-box-title\">\n\t\t\t\t\t<a href=\"https:\/\/contrebandiers.org\/wp-content\/uploads\/2022\/09\/EQUIPE-2_VENDREDI-30-SEPTEMBRE.pdf\" >\n\t\t\t\t\t\tGroupe <span style=\"font-size:24px;\">x<\/span><span style=\"font-size:34px\">2<\/span>\t\t\t\t\t<\/a>\n\t\t\t\t<\/h3>\n\t\t\t\t\t\t\t\t\t<p class=\"elementor-icon-box-description\">\n\t\t\t\t\t\tT\u00e9l\u00e9charger Planification des participants\t\t\t\t\t<\/p>\n\t\t\t\t\t\t\t<\/div>\n\t\t<\/div>\n\t\t\t\t<\/div>\n\t\t\t\t<\/div>\n\t\t\t\t<div class=\"elementor-element elementor-element-f4c3671 elementor-position-left elementor-view-default elementor-mobile-position-top elementor-vertical-align-top elementor-widget elementor-widget-icon-box\" data-id=\"f4c3671\" data-element_type=\"widget\" data-widget_type=\"icon-box.default\">\n\t\t\t\t<div class=\"elementor-widget-container\">\n\t\t\t\t\t<div class=\"elementor-icon-box-wrapper\">\n\t\t\t\t\t\t<div class=\"elementor-icon-box-icon\">\n\t\t\t\t<a class=\"elementor-icon elementor-animation-\" href=\"https:\/\/contrebandiers.org\/wp-content\/uploads\/2022\/09\/EQUIPE_4_VENDREDI-30-DE-SEPTEMBRE-.pdf\">\n\t\t\t\t<i aria-hidden=\"true\" class=\"fad fa-users\"><\/i>\t\t\t\t<\/a>\n\t\t\t<\/div>\n\t\t\t\t\t\t<div class=\"elementor-icon-box-content\">\n\t\t\t\t<h3 class=\"elementor-icon-box-title\">\n\t\t\t\t\t<a href=\"https:\/\/contrebandiers.org\/wp-content\/uploads\/2022\/09\/EQUIPE_4_VENDREDI-30-DE-SEPTEMBRE-.pdf\" >\n\t\t\t\t\t\t<span style=\"font-size:24px;\">Groupe x<\/span><span style=\"font-size:34px\">4<\/span>\t\t\t\t\t<\/a>\n\t\t\t\t<\/h3>\n\t\t\t\t\t\t\t\t\t<p class=\"elementor-icon-box-description\">\n\t\t\t\t\t\tT\u00e9l\u00e9charger Planification des participants\t\t\t\t\t<\/p>\n\t\t\t\t\t\t\t<\/div>\n\t\t<\/div>\n\t\t\t\t<\/div>\n\t\t\t\t<\/div>\n\t\t\t\t\t<\/div>\n\t\t<\/div>\n\t\t\t\t\t\t\t<\/div>\n\t\t<\/section>\n\t\t\t\t<section class=\"elementor-section elementor-inner-section elementor-element elementor-element-7a9f2d8 elementor-section-boxed elementor-section-height-default elementor-section-height-default elementor-invisible\" data-id=\"7a9f2d8\" data-element_type=\"section\" data-settings=\"{&quot;background_background&quot;:&quot;classic&quot;,&quot;animation&quot;:&quot;fadeInLeft&quot;}\">\n\t\t\t\t\t\t<div class=\"elementor-container elementor-column-gap-default\">\n\t\t\t\t\t<div class=\"elementor-column elementor-col-50 elementor-inner-column elementor-element elementor-element-6413962\" data-id=\"6413962\" data-element_type=\"column\">\n\t\t\t<div class=\"elementor-widget-wrap elementor-element-populated\">\n\t\t\t\t\t\t\t\t<div class=\"elementor-element elementor-element-dd3a838 elementor-icon-list--layout-traditional elementor-list-item-link-full_width elementor-widget elementor-widget-icon-list\" data-id=\"dd3a838\" data-element_type=\"widget\" data-widget_type=\"icon-list.default\">\n\t\t\t\t<div class=\"elementor-widget-container\">\n\t\t\t\t\t<ul class=\"elementor-icon-list-items\">\n\t\t\t\t\t\t\t<li class=\"elementor-icon-list-item\">\n\t\t\t\t\t\t\t\t\t\t\t<span class=\"elementor-icon-list-icon\">\n\t\t\t\t\t\t\t<i aria-hidden=\"true\" class=\"fal fa-calendar-alt\"><\/i>\t\t\t\t\t\t<\/span>\n\t\t\t\t\t\t\t\t\t\t<span class=\"elementor-icon-list-text\">SAMEDI 1ER OCTOBRE<\/span>\n\t\t\t\t\t\t\t\t\t<\/li>\n\t\t\t\t\t\t<\/ul>\n\t\t\t\t<\/div>\n\t\t\t\t<\/div>\n\t\t\t\t<div class=\"elementor-element elementor-element-4054dd9 elementor-widget elementor-widget-text-editor\" data-id=\"4054dd9\" data-element_type=\"widget\" data-widget_type=\"text-editor.default\">\n\t\t\t\t<div class=\"elementor-widget-container\">\n\t\t\t\t\t\t\t<p><strong>Premier jour de la course de Saint Lary \u00e0 Bolta\u00f1a.<\/strong> Voici quelques recommandations pour vous organiser lors de cette journ\u00e9e. Dans ce planning pour une \u00e9quipe de 2, nous expliquons deux versions. La premi\u00e8re est que dans l&rsquo;\u00e9quipe, les deux participants alternent leur participation par sections. La seconde est que chaque membre de l&rsquo;\u00e9quipe participe \u00e0 une modalit\u00e9 (trail ou mtb).<\/p>\t\t\t\t\t\t<\/div>\n\t\t\t\t<\/div>\n\t\t\t\t\t<\/div>\n\t\t<\/div>\n\t\t\t\t<div class=\"elementor-column elementor-col-50 elementor-inner-column elementor-element elementor-element-34b5c31\" data-id=\"34b5c31\" data-element_type=\"column\">\n\t\t\t<div class=\"elementor-widget-wrap elementor-element-populated\">\n\t\t\t\t\t\t\t\t<div class=\"elementor-element elementor-element-6df73e0 elementor-position-left elementor-view-default elementor-mobile-position-top elementor-vertical-align-top elementor-widget elementor-widget-icon-box\" data-id=\"6df73e0\" data-element_type=\"widget\" data-widget_type=\"icon-box.default\">\n\t\t\t\t<div class=\"elementor-widget-container\">\n\t\t\t\t\t<div class=\"elementor-icon-box-wrapper\">\n\t\t\t\t\t\t<div class=\"elementor-icon-box-icon\">\n\t\t\t\t<a class=\"elementor-icon elementor-animation-\" href=\"https:\/\/contrebandiers.org\/wp-content\/uploads\/2022\/09\/EQUIPE-2-_SAMEDI-1-OCTOBRE.pdf\">\n\t\t\t\t<i aria-hidden=\"true\" class=\"fad fa-user-friends\"><\/i>\t\t\t\t<\/a>\n\t\t\t<\/div>\n\t\t\t\t\t\t<div class=\"elementor-icon-box-content\">\n\t\t\t\t<h3 class=\"elementor-icon-box-title\">\n\t\t\t\t\t<a href=\"https:\/\/contrebandiers.org\/wp-content\/uploads\/2022\/09\/EQUIPE-2-_SAMEDI-1-OCTOBRE.pdf\" >\n\t\t\t\t\t\tGroupe <span style=\"font-size:24px;\">x<\/span><span style=\"font-size:34px\">2<\/span>\t\t\t\t\t<\/a>\n\t\t\t\t<\/h3>\n\t\t\t\t\t\t\t\t\t<p class=\"elementor-icon-box-description\">\n\t\t\t\t\t\tT\u00e9l\u00e9charger Planification des participants\t\t\t\t\t<\/p>\n\t\t\t\t\t\t\t<\/div>\n\t\t<\/div>\n\t\t\t\t<\/div>\n\t\t\t\t<\/div>\n\t\t\t\t<div class=\"elementor-element elementor-element-b6cc46a elementor-position-left elementor-view-default elementor-mobile-position-top elementor-vertical-align-top elementor-widget elementor-widget-icon-box\" data-id=\"b6cc46a\" data-element_type=\"widget\" data-widget_type=\"icon-box.default\">\n\t\t\t\t<div class=\"elementor-widget-container\">\n\t\t\t\t\t<div class=\"elementor-icon-box-wrapper\">\n\t\t\t\t\t\t<div class=\"elementor-icon-box-icon\">\n\t\t\t\t<a class=\"elementor-icon elementor-animation-\" href=\"https:\/\/contrebandiers.org\/wp-content\/uploads\/2022\/09\/EQUIPE_4_SAMEDI-1-DE-OCTOBRE-.pdf\">\n\t\t\t\t<i aria-hidden=\"true\" class=\"fad fa-users\"><\/i>\t\t\t\t<\/a>\n\t\t\t<\/div>\n\t\t\t\t\t\t<div class=\"elementor-icon-box-content\">\n\t\t\t\t<h3 class=\"elementor-icon-box-title\">\n\t\t\t\t\t<a href=\"https:\/\/contrebandiers.org\/wp-content\/uploads\/2022\/09\/EQUIPE_4_SAMEDI-1-DE-OCTOBRE-.pdf\" >\n\t\t\t\t\t\t<span style=\"font-size:24px;\">Groupe x<\/span><span style=\"font-size:34px\">4<\/span>\t\t\t\t\t<\/a>\n\t\t\t\t<\/h3>\n\t\t\t\t\t\t\t\t\t<p class=\"elementor-icon-box-description\">\n\t\t\t\t\t\tT\u00e9l\u00e9charger Planification des participants\t\t\t\t\t<\/p>\n\t\t\t\t\t\t\t<\/div>\n\t\t<\/div>\n\t\t\t\t<\/div>\n\t\t\t\t<\/div>\n\t\t\t\t\t<\/div>\n\t\t<\/div>\n\t\t\t\t\t\t\t<\/div>\n\t\t<\/section>\n\t\t\t\t<section class=\"elementor-section elementor-inner-section elementor-element elementor-element-9db124e elementor-section-boxed elementor-section-height-default elementor-section-height-default elementor-invisible\" data-id=\"9db124e\" data-element_type=\"section\" data-settings=\"{&quot;background_background&quot;:&quot;classic&quot;,&quot;animation&quot;:&quot;fadeInRight&quot;}\">\n\t\t\t\t\t\t<div class=\"elementor-container elementor-column-gap-default\">\n\t\t\t\t\t<div class=\"elementor-column elementor-col-50 elementor-inner-column elementor-element elementor-element-d45718f\" data-id=\"d45718f\" data-element_type=\"column\">\n\t\t\t<div class=\"elementor-widget-wrap elementor-element-populated\">\n\t\t\t\t\t\t\t\t<div class=\"elementor-element elementor-element-bd52b5e elementor-icon-list--layout-traditional elementor-list-item-link-full_width elementor-widget elementor-widget-icon-list\" data-id=\"bd52b5e\" data-element_type=\"widget\" data-widget_type=\"icon-list.default\">\n\t\t\t\t<div class=\"elementor-widget-container\">\n\t\t\t\t\t<ul class=\"elementor-icon-list-items\">\n\t\t\t\t\t\t\t<li class=\"elementor-icon-list-item\">\n\t\t\t\t\t\t\t\t\t\t\t<span class=\"elementor-icon-list-icon\">\n\t\t\t\t\t\t\t<i aria-hidden=\"true\" class=\"fal fa-calendar-alt\"><\/i>\t\t\t\t\t\t<\/span>\n\t\t\t\t\t\t\t\t\t\t<span class=\"elementor-icon-list-text\">DIMANCHE 2 OCTOBRE<\/span>\n\t\t\t\t\t\t\t\t\t<\/li>\n\t\t\t\t\t\t<\/ul>\n\t\t\t\t<\/div>\n\t\t\t\t<\/div>\n\t\t\t\t<div class=\"elementor-element elementor-element-62d6bb9 elementor-widget elementor-widget-text-editor\" data-id=\"62d6bb9\" data-element_type=\"widget\" data-widget_type=\"text-editor.default\">\n\t\t\t\t<div class=\"elementor-widget-container\">\n\t\t\t\t\t\t\t<p><strong>Deuxi\u00e8me jour de la course d&rsquo;A\u00ednsa \u00e0 Saint Lary-Soulan.<\/strong> Voici quelques recommandations pour vous organiser lors de cette journ\u00e9e. Dans ce planning pour une \u00e9quipe de 2, nous expliquons deux versions. La premi\u00e8re est que dans l&rsquo;\u00e9quipe, les deux participants alternent leur participation par sections. La seconde est que chaque membre de l&rsquo;\u00e9quipe participe \u00e0 une modalit\u00e9 (trail ou mtb).<\/p>\t\t\t\t\t\t<\/div>\n\t\t\t\t<\/div>\n\t\t\t\t\t<\/div>\n\t\t<\/div>\n\t\t\t\t<div class=\"elementor-column elementor-col-50 elementor-inner-column elementor-element elementor-element-6ac9e60\" data-id=\"6ac9e60\" data-element_type=\"column\">\n\t\t\t<div class=\"elementor-widget-wrap elementor-element-populated\">\n\t\t\t\t\t\t\t\t<div class=\"elementor-element elementor-element-f4515af elementor-position-left elementor-view-default elementor-mobile-position-top elementor-vertical-align-top elementor-widget elementor-widget-icon-box\" data-id=\"f4515af\" data-element_type=\"widget\" data-widget_type=\"icon-box.default\">\n\t\t\t\t<div class=\"elementor-widget-container\">\n\t\t\t\t\t<div class=\"elementor-icon-box-wrapper\">\n\t\t\t\t\t\t<div class=\"elementor-icon-box-icon\">\n\t\t\t\t<a class=\"elementor-icon elementor-animation-\" href=\"https:\/\/contrebandiers.org\/wp-content\/uploads\/2022\/09\/EQUIPE-2_DIMANCHE-2-OCTOBRE.pdf\">\n\t\t\t\t<i aria-hidden=\"true\" class=\"fad fa-user-friends\"><\/i>\t\t\t\t<\/a>\n\t\t\t<\/div>\n\t\t\t\t\t\t<div class=\"elementor-icon-box-content\">\n\t\t\t\t<h3 class=\"elementor-icon-box-title\">\n\t\t\t\t\t<a href=\"https:\/\/contrebandiers.org\/wp-content\/uploads\/2022\/09\/EQUIPE-2_DIMANCHE-2-OCTOBRE.pdf\" >\n\t\t\t\t\t\tGroupe <span style=\"font-size:24px;\">x<\/span><span style=\"font-size:34px\">2<\/span>\t\t\t\t\t<\/a>\n\t\t\t\t<\/h3>\n\t\t\t\t\t\t\t\t\t<p class=\"elementor-icon-box-description\">\n\t\t\t\t\t\tT\u00e9l\u00e9charger Planification des participants\t\t\t\t\t<\/p>\n\t\t\t\t\t\t\t<\/div>\n\t\t<\/div>\n\t\t\t\t<\/div>\n\t\t\t\t<\/div>\n\t\t\t\t<div class=\"elementor-element elementor-element-201706a elementor-widget elementor-widget-text-editor\" data-id=\"201706a\" data-element_type=\"widget\" data-widget_type=\"text-editor.default\">\n\t\t\t\t<div class=\"elementor-widget-container\">\n\t\t\t\t\t\t\t\t\t\t\t\t\t<\/div>\n\t\t\t\t<\/div>\n\t\t\t\t<div class=\"elementor-element elementor-element-6f9ae74 elementor-position-left elementor-view-default elementor-mobile-position-top elementor-vertical-align-top elementor-widget elementor-widget-icon-box\" data-id=\"6f9ae74\" data-element_type=\"widget\" data-widget_type=\"icon-box.default\">\n\t\t\t\t<div class=\"elementor-widget-container\">\n\t\t\t\t\t<div class=\"elementor-icon-box-wrapper\">\n\t\t\t\t\t\t<div class=\"elementor-icon-box-icon\">\n\t\t\t\t<a class=\"elementor-icon elementor-animation-\" href=\"https:\/\/contrebandiers.org\/wp-content\/uploads\/2022\/09\/EQUIPE_4_DIMANCHE-2-DE-OCTOBRE-.pdf\">\n\t\t\t\t<i aria-hidden=\"true\" class=\"fad fa-users\"><\/i>\t\t\t\t<\/a>\n\t\t\t<\/div>\n\t\t\t\t\t\t<div class=\"elementor-icon-box-content\">\n\t\t\t\t<h3 class=\"elementor-icon-box-title\">\n\t\t\t\t\t<a href=\"https:\/\/contrebandiers.org\/wp-content\/uploads\/2022\/09\/EQUIPE_4_DIMANCHE-2-DE-OCTOBRE-.pdf\" >\n\t\t\t\t\t\t<span style=\"font-size:24px;\">Groupe x<\/span><span style=\"font-size:34px\">4<\/span>\t\t\t\t\t<\/a>\n\t\t\t\t<\/h3>\n\t\t\t\t\t\t\t\t\t<p class=\"elementor-icon-box-description\">\n\t\t\t\t\t\tT\u00e9l\u00e9charger Planification des participants\t\t\t\t\t<\/p>\n\t\t\t\t\t\t\t<\/div>\n\t\t<\/div>\n\t\t\t\t<\/div>\n\t\t\t\t<\/div>\n\t\t\t\t\t<\/div>\n\t\t<\/div>\n\t\t\t\t\t\t\t<\/div>\n\t\t<\/section>\n\t\t\t\t\t<\/div>\n\t\t<\/div>\n\t\t\t\t\t\t\t<\/div>\n\t\t<\/section>\n\t\t\t\t\t\t\t<\/div>\n\t\t","protected":false},"excerpt":{"rendered":"<p>La course Planification des participants vendredi 30 septembre A Saint Lary Soulan, nous mettrons en place un espace paddock et un secr\u00e9tariat course pour la remise des dossards.Nous vous rappelons qu&rsquo;il sera n\u00e9cessaire de d\u00e9livrer le CERTIFICAT M\u00c9DICAL requis par le r\u00e8glement des \u00e9preuves afin de d\u00e9livrer les autorisations \u00e0 l&rsquo;ensemble de l&rsquo;\u00e9quipe. Groupe x2 &hellip;<\/p>\n<p class=\"read-more\"> <a class=\"\" href=\"https:\/\/contrebandiers.org\/fr\/planification-des-participants-2022\/\"> <span class=\"screen-reader-text\">Planification des participants<\/span> Lire la suite\u00a0\u00bb<\/a><\/p>\n","protected":false},"author":1,"featured_media":0,"parent":0,"menu_order":0,"comment_status":"closed","ping_status":"closed","template":"","meta":{"site-sidebar-layout":"no-sidebar","site-content-layout":"page-builder","ast-main-header-display":"","ast-hfb-above-header-display":"","ast-hfb-below-header-display":"","ast-hfb-mobile-header-display":"","site-post-title":"disabled","ast-breadcrumbs-content":"","ast-featured-img":"disabled","footer-sml-layout":"","theme-transparent-header-meta":"default","adv-header-id-meta":"","stick-header-meta":"","header-above-stick-meta":"","header-main-stick-meta":"","header-below-stick-meta":"","footnotes":""},"class_list":["post-1870","page","type-page","status-publish","hentry"],"acf":[],"yoast_head":"<!-- This site is optimized with the Yoast SEO plugin v19.1 - https:\/\/yoast.com\/wordpress\/plugins\/seo\/ -->\n<title>Planification des participants - Contrebandiers<\/title>\n<meta name=\"robots\" content=\"index, follow, max-snippet:-1, max-image-preview:large, max-video-preview:-1\" \/>\n<link rel=\"canonical\" href=\"https:\/\/contrebandiers.org\/fr\/planification-des-participants-2022\/\" \/>\n<meta property=\"og:locale\" content=\"fr_FR\" \/>\n<meta property=\"og:type\" content=\"article\" \/>\n<meta property=\"og:title\" content=\"Planification des participants - Contrebandiers\" \/>\n<meta property=\"og:description\" content=\"La course Planification des participants vendredi 30 septembre A Saint Lary Soulan, nous mettrons en place un espace paddock et un secr\u00e9tariat course pour la remise des dossards.Nous vous rappelons qu&rsquo;il sera n\u00e9cessaire de d\u00e9livrer le CERTIFICAT M\u00c9DICAL requis par le r\u00e8glement des \u00e9preuves afin de d\u00e9livrer les autorisations \u00e0 l&rsquo;ensemble de l&rsquo;\u00e9quipe. Groupe x2 &hellip; Planification des participants Lire la suite\u00a0\u00bb\" \/>\n<meta property=\"og:url\" content=\"https:\/\/contrebandiers.org\/fr\/planification-des-participants-2022\/\" \/>\n<meta property=\"og:site_name\" content=\"Contrebandiers\" \/>\n<meta property=\"article:publisher\" content=\"https:\/\/www.facebook.com\/contrebandierstrail\" \/>\n<meta property=\"article:modified_time\" content=\"2023-02-13T13:28:52+00:00\" \/>\n<meta name=\"twitter:card\" content=\"summary_large_image\" \/>\n<meta name=\"twitter:label1\" content=\"Dur\u00e9e de lecture estim\u00e9e\" \/>\n\t<meta name=\"twitter:data1\" content=\"2 minutes\" \/>\n<script type=\"application\/ld+json\" class=\"yoast-schema-graph\">{\"@context\":\"https:\/\/schema.org\",\"@graph\":[{\"@type\":\"Organization\",\"@id\":\"https:\/\/contrebandiers.org\/fr\/#organization\",\"name\":\"Contrebandiers\",\"url\":\"https:\/\/contrebandiers.org\/fr\/\",\"sameAs\":[\"https:\/\/www.instagram.com\/contrebandierstrail\/\",\"https:\/\/www.facebook.com\/contrebandierstrail\"],\"logo\":{\"@type\":\"ImageObject\",\"inLanguage\":\"fr-FR\",\"@id\":\"https:\/\/contrebandiers.org\/fr\/#\/schema\/logo\/image\/\",\"url\":\"https:\/\/contrebandiers.org\/wp-content\/uploads\/2022\/04\/logo_contrabandiers_header.svg\",\"contentUrl\":\"https:\/\/contrebandiers.org\/wp-content\/uploads\/2022\/04\/logo_contrabandiers_header.svg\",\"width\":266,\"height\":130,\"caption\":\"Contrebandiers\"},\"image\":{\"@id\":\"https:\/\/contrebandiers.org\/fr\/#\/schema\/logo\/image\/\"}},{\"@type\":\"WebSite\",\"@id\":\"https:\/\/contrebandiers.org\/fr\/#website\",\"url\":\"https:\/\/contrebandiers.org\/fr\/\",\"name\":\"Contrebandiers\",\"description\":\"Trail + MTB transfrontier\",\"publisher\":{\"@id\":\"https:\/\/contrebandiers.org\/fr\/#organization\"},\"potentialAction\":[{\"@type\":\"SearchAction\",\"target\":{\"@type\":\"EntryPoint\",\"urlTemplate\":\"https:\/\/contrebandiers.org\/fr\/?s={search_term_string}\"},\"query-input\":\"required name=search_term_string\"}],\"inLanguage\":\"fr-FR\"},{\"@type\":\"WebPage\",\"@id\":\"https:\/\/contrebandiers.org\/fr\/planification-des-participants-2022\/#webpage\",\"url\":\"https:\/\/contrebandiers.org\/fr\/planification-des-participants-2022\/\",\"name\":\"Planification des participants - Contrebandiers\",\"isPartOf\":{\"@id\":\"https:\/\/contrebandiers.org\/fr\/#website\"},\"datePublished\":\"2022-05-09T07:06:25+00:00\",\"dateModified\":\"2023-02-13T13:28:52+00:00\",\"breadcrumb\":{\"@id\":\"https:\/\/contrebandiers.org\/fr\/planification-des-participants-2022\/#breadcrumb\"},\"inLanguage\":\"fr-FR\",\"potentialAction\":[{\"@type\":\"ReadAction\",\"target\":[\"https:\/\/contrebandiers.org\/fr\/planification-des-participants-2022\/\"]}]},{\"@type\":\"BreadcrumbList\",\"@id\":\"https:\/\/contrebandiers.org\/fr\/planification-des-participants-2022\/#breadcrumb\",\"itemListElement\":[{\"@type\":\"ListItem\",\"position\":1,\"name\":\"Inicio\",\"item\":\"https:\/\/contrebandiers.org\/fr\/\"},{\"@type\":\"ListItem\",\"position\":2,\"name\":\"Planification des participants\"}]}]}<\/script>\n<!-- \/ Yoast SEO plugin. -->","yoast_head_json":{"title":"Planification des participants - Contrebandiers","robots":{"index":"index","follow":"follow","max-snippet":"max-snippet:-1","max-image-preview":"max-image-preview:large","max-video-preview":"max-video-preview:-1"},"canonical":"https:\/\/contrebandiers.org\/fr\/planification-des-participants-2022\/","og_locale":"fr_FR","og_type":"article","og_title":"Planification des participants - Contrebandiers","og_description":"La course Planification des participants vendredi 30 septembre A Saint Lary Soulan, nous mettrons en place un espace paddock et un secr\u00e9tariat course pour la remise des dossards.Nous vous rappelons qu&rsquo;il sera n\u00e9cessaire de d\u00e9livrer le CERTIFICAT M\u00c9DICAL requis par le r\u00e8glement des \u00e9preuves afin de d\u00e9livrer les autorisations \u00e0 l&rsquo;ensemble de l&rsquo;\u00e9quipe. Groupe x2 &hellip; Planification des participants Lire la suite\u00a0\u00bb","og_url":"https:\/\/contrebandiers.org\/fr\/planification-des-participants-2022\/","og_site_name":"Contrebandiers","article_publisher":"https:\/\/www.facebook.com\/contrebandierstrail","article_modified_time":"2023-02-13T13:28:52+00:00","twitter_card":"summary_large_image","twitter_misc":{"Dur\u00e9e de lecture estim\u00e9e":"2 minutes"},"schema":{"@context":"https:\/\/schema.org","@graph":[{"@type":"Organization","@id":"https:\/\/contrebandiers.org\/fr\/#organization","name":"Contrebandiers","url":"https:\/\/contrebandiers.org\/fr\/","sameAs":["https:\/\/www.instagram.com\/contrebandierstrail\/","https:\/\/www.facebook.com\/contrebandierstrail"],"logo":{"@type":"ImageObject","inLanguage":"fr-FR","@id":"https:\/\/contrebandiers.org\/fr\/#\/schema\/logo\/image\/","url":"https:\/\/contrebandiers.org\/wp-content\/uploads\/2022\/04\/logo_contrabandiers_header.svg","contentUrl":"https:\/\/contrebandiers.org\/wp-content\/uploads\/2022\/04\/logo_contrabandiers_header.svg","width":266,"height":130,"caption":"Contrebandiers"},"image":{"@id":"https:\/\/contrebandiers.org\/fr\/#\/schema\/logo\/image\/"}},{"@type":"WebSite","@id":"https:\/\/contrebandiers.org\/fr\/#website","url":"https:\/\/contrebandiers.org\/fr\/","name":"Contrebandiers","description":"Trail + MTB transfrontier","publisher":{"@id":"https:\/\/contrebandiers.org\/fr\/#organization"},"potentialAction":[{"@type":"SearchAction","target":{"@type":"EntryPoint","urlTemplate":"https:\/\/contrebandiers.org\/fr\/?s={search_term_string}"},"query-input":"required name=search_term_string"}],"inLanguage":"fr-FR"},{"@type":"WebPage","@id":"https:\/\/contrebandiers.org\/fr\/planification-des-participants-2022\/#webpage","url":"https:\/\/contrebandiers.org\/fr\/planification-des-participants-2022\/","name":"Planification des participants - Contrebandiers","isPartOf":{"@id":"https:\/\/contrebandiers.org\/fr\/#website"},"datePublished":"2022-05-09T07:06:25+00:00","dateModified":"2023-02-13T13:28:52+00:00","breadcrumb":{"@id":"https:\/\/contrebandiers.org\/fr\/planification-des-participants-2022\/#breadcrumb"},"inLanguage":"fr-FR","potentialAction":[{"@type":"ReadAction","target":["https:\/\/contrebandiers.org\/fr\/planification-des-participants-2022\/"]}]},{"@type":"BreadcrumbList","@id":"https:\/\/contrebandiers.org\/fr\/planification-des-participants-2022\/#breadcrumb","itemListElement":[{"@type":"ListItem","position":1,"name":"Inicio","item":"https:\/\/contrebandiers.org\/fr\/"},{"@type":"ListItem","position":2,"name":"Planification des participants"}]}]}},"_links":{"self":[{"href":"https:\/\/contrebandiers.org\/fr\/wp-json\/wp\/v2\/pages\/1870","targetHints":{"allow":["GET"]}}],"collection":[{"href":"https:\/\/contrebandiers.org\/fr\/wp-json\/wp\/v2\/pages"}],"about":[{"href":"https:\/\/contrebandiers.org\/fr\/wp-json\/wp\/v2\/types\/page"}],"author":[{"embeddable":true,"href":"https:\/\/contrebandiers.org\/fr\/wp-json\/wp\/v2\/users\/1"}],"replies":[{"embeddable":true,"href":"https:\/\/contrebandiers.org\/fr\/wp-json\/wp\/v2\/comments?post=1870"}],"version-history":[{"count":21,"href":"https:\/\/contrebandiers.org\/fr\/wp-json\/wp\/v2\/pages\/1870\/revisions"}],"predecessor-version":[{"id":3006,"href":"https:\/\/contrebandiers.org\/fr\/wp-json\/wp\/v2\/pages\/1870\/revisions\/3006"}],"wp:attachment":[{"href":"https:\/\/contrebandiers.org\/fr\/wp-json\/wp\/v2\/media?parent=1870"}],"curies":[{"name":"wp","href":"https:\/\/api.w.org\/{rel}","templated":true}]}}