{"id":961,"date":"2022-05-09T09:06:47","date_gmt":"2022-05-09T07:06:47","guid":{"rendered":"https:\/\/contrebandiers.org\/?page_id=961"},"modified":"2023-01-25T08:00:33","modified_gmt":"2023-01-25T07:00:33","slug":"programa-del-evento-2022","status":"publish","type":"page","link":"https:\/\/contrebandiers.org\/es\/programa-del-evento-2022\/","title":{"rendered":"Programa del evento 2022"},"content":{"rendered":"\t\t<div data-elementor-type=\"wp-page\" data-elementor-id=\"961\" class=\"elementor elementor-961\">\n\t\t\t\t\t\t\t\t\t<section class=\"elementor-section elementor-top-section elementor-element elementor-element-fd4d1c2 elementor-section-stretched hero-historia elementor-section-boxed elementor-section-height-default elementor-section-height-default\" data-id=\"fd4d1c2\" data-element_type=\"section\" data-settings=\"{&quot;stretch_section&quot;:&quot;section-stretched&quot;,&quot;background_background&quot;:&quot;classic&quot;}\">\n\t\t\t\t\t\t<div class=\"elementor-container elementor-column-gap-no\">\n\t\t\t\t\t<div class=\"elementor-column elementor-col-100 elementor-top-column elementor-element elementor-element-a9561a4 titulo-torcido elementor-invisible\" data-id=\"a9561a4\" data-element_type=\"column\" data-settings=\"{&quot;background_background&quot;:&quot;classic&quot;,&quot;animation&quot;:&quot;bounceInUp&quot;}\">\n\t\t\t<div class=\"elementor-widget-wrap elementor-element-populated\">\n\t\t\t\t\t\t\t\t<div class=\"elementor-element elementor-element-7684de4 elementor-widget elementor-widget-heading\" data-id=\"7684de4\" data-element_type=\"widget\" data-widget_type=\"heading.default\">\n\t\t\t\t<div class=\"elementor-widget-container\">\n\t\t\t<style>\/*! elementor - v3.6.6 - 08-06-2022 *\/\n.elementor-heading-title{padding:0;margin:0;line-height:1}.elementor-widget-heading .elementor-heading-title[class*=elementor-size-]>a{color:inherit;font-size:inherit;line-height:inherit}.elementor-widget-heading .elementor-heading-title.elementor-size-small{font-size:15px}.elementor-widget-heading .elementor-heading-title.elementor-size-medium{font-size:19px}.elementor-widget-heading .elementor-heading-title.elementor-size-large{font-size:29px}.elementor-widget-heading .elementor-heading-title.elementor-size-xl{font-size:39px}.elementor-widget-heading .elementor-heading-title.elementor-size-xxl{font-size:59px}<\/style><h2 class=\"elementor-heading-title elementor-size-default\">La Carrera<\/h2>\t\t<\/div>\n\t\t\t\t<\/div>\n\t\t\t\t\t<\/div>\n\t\t<\/div>\n\t\t\t\t\t\t\t<\/div>\n\t\t<\/section>\n\t\t\t\t<section class=\"elementor-section elementor-top-section elementor-element elementor-element-a5f7258 elementor-section-boxed elementor-section-height-default elementor-section-height-default\" data-id=\"a5f7258\" data-element_type=\"section\">\n\t\t\t\t\t\t<div class=\"elementor-container elementor-column-gap-no\">\n\t\t\t\t\t<div class=\"elementor-column elementor-col-100 elementor-top-column elementor-element elementor-element-45bbc3e\" data-id=\"45bbc3e\" data-element_type=\"column\">\n\t\t\t<div class=\"elementor-widget-wrap elementor-element-populated\">\n\t\t\t\t\t\t\t\t<div class=\"elementor-element elementor-element-c2c7ce4 elementor-widget elementor-widget-heading\" data-id=\"c2c7ce4\" data-element_type=\"widget\" data-widget_type=\"heading.default\">\n\t\t\t\t<div class=\"elementor-widget-container\">\n\t\t\t<h2 class=\"elementor-heading-title elementor-size-default\">Programa del evento<\/h2>\t\t<\/div>\n\t\t\t\t<\/div>\n\t\t\t\t<div class=\"elementor-element elementor-element-7a41743 elementor-widget elementor-widget-text-editor\" data-id=\"7a41743\" data-element_type=\"widget\" data-widget_type=\"text-editor.default\">\n\t\t\t\t<div class=\"elementor-widget-container\">\n\t\t\t<style>\/*! elementor - v3.6.6 - 08-06-2022 *\/\n.elementor-widget-text-editor.elementor-drop-cap-view-stacked .elementor-drop-cap{background-color:#818a91;color:#fff}.elementor-widget-text-editor.elementor-drop-cap-view-framed .elementor-drop-cap{color:#818a91;border:3px solid;background-color:transparent}.elementor-widget-text-editor:not(.elementor-drop-cap-view-default) .elementor-drop-cap{margin-top:8px}.elementor-widget-text-editor:not(.elementor-drop-cap-view-default) .elementor-drop-cap-letter{width:1em;height:1em}.elementor-widget-text-editor .elementor-drop-cap{float:left;text-align:center;line-height:1;font-size:50px}.elementor-widget-text-editor .elementor-drop-cap-letter{display:inline-block}<\/style>\t\t\t\t<p>En este apartado te contaremos todos los actos y horarios que desde el viernes d\u00eda 30 Septiembre al domingo d\u00eda 2 de Octubre, realizaremos durante la prueba de Contrebandiers y los distintos pueblos de Francia y de Espa\u00f1a por donde pasa el recorrido.\u00a0 No todo es correr o pedalear, la fiesta, la gastronom\u00eda y los productos locales, tambi\u00e9n forma parte de este evento transfronterizo.\u00a0<\/p>\t\t\t\t\t\t<\/div>\n\t\t\t\t<\/div>\n\t\t\t\t\t<\/div>\n\t\t<\/div>\n\t\t\t\t\t\t\t<\/div>\n\t\t<\/section>\n\t\t\t\t<section class=\"elementor-section elementor-top-section elementor-element elementor-element-223b921 elementor-section-boxed elementor-section-height-default elementor-section-height-default\" data-id=\"223b921\" data-element_type=\"section\">\n\t\t\t\t\t\t<div class=\"elementor-container elementor-column-gap-default\">\n\t\t\t\t\t<div class=\"elementor-column elementor-col-100 elementor-top-column elementor-element elementor-element-dacc843\" data-id=\"dacc843\" data-element_type=\"column\">\n\t\t\t<div class=\"elementor-widget-wrap elementor-element-populated\">\n\t\t\t\t\t\t\t\t<div class=\"elementor-element elementor-element-81da9a9 elementor-widget elementor-widget-image\" data-id=\"81da9a9\" data-element_type=\"widget\" data-widget_type=\"image.default\">\n\t\t\t\t<div class=\"elementor-widget-container\">\n\t\t\t<style>\/*! elementor - v3.6.6 - 08-06-2022 *\/\n.elementor-widget-image{text-align:center}.elementor-widget-image a{display:inline-block}.elementor-widget-image a img[src$=\".svg\"]{width:48px}.elementor-widget-image img{vertical-align:middle;display:inline-block}<\/style>\t\t\t\t\t\t\t\t\t\t\t\t<img loading=\"lazy\" decoding=\"async\" width=\"614\" height=\"1024\" src=\"https:\/\/contrebandiers.org\/wp-content\/uploads\/2022\/09\/programa-del-evento-614x1024.jpeg\" class=\"attachment-large size-large\" alt=\"\" srcset=\"https:\/\/contrebandiers.org\/wp-content\/uploads\/2022\/09\/programa-del-evento-614x1024.jpeg 614w, https:\/\/contrebandiers.org\/wp-content\/uploads\/2022\/09\/programa-del-evento-180x300.jpeg 180w, https:\/\/contrebandiers.org\/wp-content\/uploads\/2022\/09\/programa-del-evento-768x1281.jpeg 768w, https:\/\/contrebandiers.org\/wp-content\/uploads\/2022\/09\/programa-del-evento-921x1536.jpeg 921w, https:\/\/contrebandiers.org\/wp-content\/uploads\/2022\/09\/programa-del-evento-600x1001.jpeg 600w, https:\/\/contrebandiers.org\/wp-content\/uploads\/2022\/09\/programa-del-evento.jpeg 959w\" sizes=\"auto, (max-width: 614px) 100vw, 614px\" \/>\t\t\t\t\t\t\t\t\t\t\t\t\t\t\t<\/div>\n\t\t\t\t<\/div>\n\t\t\t\t\t<\/div>\n\t\t<\/div>\n\t\t\t\t\t\t\t<\/div>\n\t\t<\/section>\n\t\t\t\t\t\t\t<\/div>\n\t\t","protected":false},"excerpt":{"rendered":"<p>La Carrera Programa del evento En este apartado te contaremos todos los actos y horarios que desde el viernes d\u00eda 30 Septiembre al domingo d\u00eda 2 de Octubre, realizaremos durante la prueba de Contrebandiers y los distintos pueblos de Francia y de Espa\u00f1a por donde pasa el recorrido.\u00a0 No todo es correr o pedalear, la &hellip;<\/p>\n<p class=\"read-more\"> <a class=\"\" href=\"https:\/\/contrebandiers.org\/es\/programa-del-evento-2022\/\"> <span class=\"screen-reader-text\">Programa del evento 2022<\/span> Leer m\u00e1s &raquo;<\/a><\/p>\n","protected":false},"author":1,"featured_media":0,"parent":0,"menu_order":0,"comment_status":"closed","ping_status":"closed","template":"","meta":{"site-sidebar-layout":"no-sidebar","site-content-layout":"page-builder","ast-main-header-display":"","ast-hfb-above-header-display":"","ast-hfb-below-header-display":"","ast-hfb-mobile-header-display":"","site-post-title":"disabled","ast-breadcrumbs-content":"","ast-featured-img":"disabled","footer-sml-layout":"","theme-transparent-header-meta":"default","adv-header-id-meta":"","stick-header-meta":"","header-above-stick-meta":"","header-main-stick-meta":"","header-below-stick-meta":"","footnotes":""},"class_list":["post-961","page","type-page","status-publish","hentry"],"acf":[],"yoast_head":"<!-- This site is optimized with the Yoast SEO plugin v19.1 - https:\/\/yoast.com\/wordpress\/plugins\/seo\/ -->\n<title>Programa del evento 2022 - Contrebandiers<\/title>\n<meta name=\"robots\" content=\"index, follow, max-snippet:-1, max-image-preview:large, max-video-preview:-1\" \/>\n<link rel=\"canonical\" href=\"https:\/\/contrebandiers.org\/es\/programa-del-evento-2022\/\" \/>\n<meta property=\"og:locale\" content=\"es_ES\" \/>\n<meta property=\"og:type\" content=\"article\" \/>\n<meta property=\"og:title\" content=\"Programa del evento 2022 - Contrebandiers\" \/>\n<meta property=\"og:description\" content=\"La Carrera Programa del evento En este apartado te contaremos todos los actos y horarios que desde el viernes d\u00eda 30 Septiembre al domingo d\u00eda 2 de Octubre, realizaremos durante la prueba de Contrebandiers y los distintos pueblos de Francia y de Espa\u00f1a por donde pasa el recorrido.\u00a0 No todo es correr o pedalear, la &hellip; Programa del evento 2022 Leer m\u00e1s &raquo;\" \/>\n<meta property=\"og:url\" content=\"https:\/\/contrebandiers.org\/es\/programa-del-evento-2022\/\" \/>\n<meta property=\"og:site_name\" content=\"Contrebandiers\" \/>\n<meta property=\"article:publisher\" content=\"https:\/\/www.facebook.com\/contrebandierstrail\" \/>\n<meta property=\"article:modified_time\" content=\"2023-01-25T07:00:33+00:00\" \/>\n<meta property=\"og:image\" content=\"https:\/\/contrebandiers.org\/wp-content\/uploads\/2022\/09\/programa-del-evento-614x1024.jpeg\" \/>\n<meta name=\"twitter:card\" content=\"summary_large_image\" \/>\n<meta name=\"twitter:label1\" content=\"Tiempo de lectura\" \/>\n\t<meta name=\"twitter:data1\" content=\"1 minuto\" \/>\n<script type=\"application\/ld+json\" class=\"yoast-schema-graph\">{\"@context\":\"https:\/\/schema.org\",\"@graph\":[{\"@type\":\"Organization\",\"@id\":\"https:\/\/contrebandiers.org\/es\/#organization\",\"name\":\"Contrebandiers\",\"url\":\"https:\/\/contrebandiers.org\/es\/\",\"sameAs\":[\"https:\/\/www.instagram.com\/contrebandierstrail\/\",\"https:\/\/www.facebook.com\/contrebandierstrail\"],\"logo\":{\"@type\":\"ImageObject\",\"inLanguage\":\"es\",\"@id\":\"https:\/\/contrebandiers.org\/es\/#\/schema\/logo\/image\/\",\"url\":\"https:\/\/contrebandiers.org\/wp-content\/uploads\/2022\/04\/logo_contrabandiers_header.svg\",\"contentUrl\":\"https:\/\/contrebandiers.org\/wp-content\/uploads\/2022\/04\/logo_contrabandiers_header.svg\",\"width\":266,\"height\":130,\"caption\":\"Contrebandiers\"},\"image\":{\"@id\":\"https:\/\/contrebandiers.org\/es\/#\/schema\/logo\/image\/\"}},{\"@type\":\"WebSite\",\"@id\":\"https:\/\/contrebandiers.org\/es\/#website\",\"url\":\"https:\/\/contrebandiers.org\/es\/\",\"name\":\"Contrebandiers\",\"description\":\"Trail + MTB transfrontier\",\"publisher\":{\"@id\":\"https:\/\/contrebandiers.org\/es\/#organization\"},\"potentialAction\":[{\"@type\":\"SearchAction\",\"target\":{\"@type\":\"EntryPoint\",\"urlTemplate\":\"https:\/\/contrebandiers.org\/es\/?s={search_term_string}\"},\"query-input\":\"required name=search_term_string\"}],\"inLanguage\":\"es\"},{\"@type\":\"ImageObject\",\"inLanguage\":\"es\",\"@id\":\"https:\/\/contrebandiers.org\/es\/programa-del-evento-2022\/#primaryimage\",\"url\":\"https:\/\/contrebandiers.org\/wp-content\/uploads\/2022\/09\/programa-del-evento.jpeg\",\"contentUrl\":\"https:\/\/contrebandiers.org\/wp-content\/uploads\/2022\/09\/programa-del-evento.jpeg\",\"width\":959,\"height\":1600},{\"@type\":\"WebPage\",\"@id\":\"https:\/\/contrebandiers.org\/es\/programa-del-evento-2022\/#webpage\",\"url\":\"https:\/\/contrebandiers.org\/es\/programa-del-evento-2022\/\",\"name\":\"Programa del evento 2022 - Contrebandiers\",\"isPartOf\":{\"@id\":\"https:\/\/contrebandiers.org\/es\/#website\"},\"primaryImageOfPage\":{\"@id\":\"https:\/\/contrebandiers.org\/es\/programa-del-evento-2022\/#primaryimage\"},\"datePublished\":\"2022-05-09T07:06:47+00:00\",\"dateModified\":\"2023-01-25T07:00:33+00:00\",\"breadcrumb\":{\"@id\":\"https:\/\/contrebandiers.org\/es\/programa-del-evento-2022\/#breadcrumb\"},\"inLanguage\":\"es\",\"potentialAction\":[{\"@type\":\"ReadAction\",\"target\":[\"https:\/\/contrebandiers.org\/es\/programa-del-evento-2022\/\"]}]},{\"@type\":\"BreadcrumbList\",\"@id\":\"https:\/\/contrebandiers.org\/es\/programa-del-evento-2022\/#breadcrumb\",\"itemListElement\":[{\"@type\":\"ListItem\",\"position\":1,\"name\":\"Inicio\",\"item\":\"https:\/\/contrebandiers.org\/es\/\"},{\"@type\":\"ListItem\",\"position\":2,\"name\":\"Programa del evento 2022\"}]}]}<\/script>\n<!-- \/ Yoast SEO plugin. -->","yoast_head_json":{"title":"Programa del evento 2022 - Contrebandiers","robots":{"index":"index","follow":"follow","max-snippet":"max-snippet:-1","max-image-preview":"max-image-preview:large","max-video-preview":"max-video-preview:-1"},"canonical":"https:\/\/contrebandiers.org\/es\/programa-del-evento-2022\/","og_locale":"es_ES","og_type":"article","og_title":"Programa del evento 2022 - Contrebandiers","og_description":"La Carrera Programa del evento En este apartado te contaremos todos los actos y horarios que desde el viernes d\u00eda 30 Septiembre al domingo d\u00eda 2 de Octubre, realizaremos durante la prueba de Contrebandiers y los distintos pueblos de Francia y de Espa\u00f1a por donde pasa el recorrido.\u00a0 No todo es correr o pedalear, la &hellip; Programa del evento 2022 Leer m\u00e1s &raquo;","og_url":"https:\/\/contrebandiers.org\/es\/programa-del-evento-2022\/","og_site_name":"Contrebandiers","article_publisher":"https:\/\/www.facebook.com\/contrebandierstrail","article_modified_time":"2023-01-25T07:00:33+00:00","og_image":[{"url":"https:\/\/contrebandiers.org\/wp-content\/uploads\/2022\/09\/programa-del-evento-614x1024.jpeg"}],"twitter_card":"summary_large_image","twitter_misc":{"Tiempo de lectura":"1 minuto"},"schema":{"@context":"https:\/\/schema.org","@graph":[{"@type":"Organization","@id":"https:\/\/contrebandiers.org\/es\/#organization","name":"Contrebandiers","url":"https:\/\/contrebandiers.org\/es\/","sameAs":["https:\/\/www.instagram.com\/contrebandierstrail\/","https:\/\/www.facebook.com\/contrebandierstrail"],"logo":{"@type":"ImageObject","inLanguage":"es","@id":"https:\/\/contrebandiers.org\/es\/#\/schema\/logo\/image\/","url":"https:\/\/contrebandiers.org\/wp-content\/uploads\/2022\/04\/logo_contrabandiers_header.svg","contentUrl":"https:\/\/contrebandiers.org\/wp-content\/uploads\/2022\/04\/logo_contrabandiers_header.svg","width":266,"height":130,"caption":"Contrebandiers"},"image":{"@id":"https:\/\/contrebandiers.org\/es\/#\/schema\/logo\/image\/"}},{"@type":"WebSite","@id":"https:\/\/contrebandiers.org\/es\/#website","url":"https:\/\/contrebandiers.org\/es\/","name":"Contrebandiers","description":"Trail + MTB transfrontier","publisher":{"@id":"https:\/\/contrebandiers.org\/es\/#organization"},"potentialAction":[{"@type":"SearchAction","target":{"@type":"EntryPoint","urlTemplate":"https:\/\/contrebandiers.org\/es\/?s={search_term_string}"},"query-input":"required name=search_term_string"}],"inLanguage":"es"},{"@type":"ImageObject","inLanguage":"es","@id":"https:\/\/contrebandiers.org\/es\/programa-del-evento-2022\/#primaryimage","url":"https:\/\/contrebandiers.org\/wp-content\/uploads\/2022\/09\/programa-del-evento.jpeg","contentUrl":"https:\/\/contrebandiers.org\/wp-content\/uploads\/2022\/09\/programa-del-evento.jpeg","width":959,"height":1600},{"@type":"WebPage","@id":"https:\/\/contrebandiers.org\/es\/programa-del-evento-2022\/#webpage","url":"https:\/\/contrebandiers.org\/es\/programa-del-evento-2022\/","name":"Programa del evento 2022 - Contrebandiers","isPartOf":{"@id":"https:\/\/contrebandiers.org\/es\/#website"},"primaryImageOfPage":{"@id":"https:\/\/contrebandiers.org\/es\/programa-del-evento-2022\/#primaryimage"},"datePublished":"2022-05-09T07:06:47+00:00","dateModified":"2023-01-25T07:00:33+00:00","breadcrumb":{"@id":"https:\/\/contrebandiers.org\/es\/programa-del-evento-2022\/#breadcrumb"},"inLanguage":"es","potentialAction":[{"@type":"ReadAction","target":["https:\/\/contrebandiers.org\/es\/programa-del-evento-2022\/"]}]},{"@type":"BreadcrumbList","@id":"https:\/\/contrebandiers.org\/es\/programa-del-evento-2022\/#breadcrumb","itemListElement":[{"@type":"ListItem","position":1,"name":"Inicio","item":"https:\/\/contrebandiers.org\/es\/"},{"@type":"ListItem","position":2,"name":"Programa del evento 2022"}]}]}},"_links":{"self":[{"href":"https:\/\/contrebandiers.org\/es\/wp-json\/wp\/v2\/pages\/961","targetHints":{"allow":["GET"]}}],"collection":[{"href":"https:\/\/contrebandiers.org\/es\/wp-json\/wp\/v2\/pages"}],"about":[{"href":"https:\/\/contrebandiers.org\/es\/wp-json\/wp\/v2\/types\/page"}],"author":[{"embeddable":true,"href":"https:\/\/contrebandiers.org\/es\/wp-json\/wp\/v2\/users\/1"}],"replies":[{"embeddable":true,"href":"https:\/\/contrebandiers.org\/es\/wp-json\/wp\/v2\/comments?post=961"}],"version-history":[{"count":7,"href":"https:\/\/contrebandiers.org\/es\/wp-json\/wp\/v2\/pages\/961\/revisions"}],"predecessor-version":[{"id":3361,"href":"https:\/\/contrebandiers.org\/es\/wp-json\/wp\/v2\/pages\/961\/revisions\/3361"}],"wp:attachment":[{"href":"https:\/\/contrebandiers.org\/es\/wp-json\/wp\/v2\/media?parent=961"}],"curies":[{"name":"wp","href":"https:\/\/api.w.org\/{rel}","templated":true}]}}